{"id":165,"date":"2019-01-21T01:00:39","date_gmt":"2019-01-20T23:00:39","guid":{"rendered":"https:\/\/bmkonline403199011.wordpress.com\/?page_id=165"},"modified":"2026-01-28T10:25:19","modified_gmt":"2026-01-28T09:25:19","slug":"schuldialog","status":"publish","type":"page","link":"https:\/\/www.bmk-online.ch\/wp\/schuldialog\/","title":{"rendered":"Schuldialog"},"content":{"rendered":"\n<h5 class=\"wp-block-heading\"><strong>Dispensation f\u00fcr muslimische Sch\u00fcler\/innen an islamischen Feiertagen<\/strong><\/h5>\n\n\n\n<p>Gem\u00e4ss der Handreichung f\u00fcr Umgang mit religi\u00f6sen Fragen an der Schule (Erziehungsdepartement BS) und dem Handbuch \u201eGelebte Religion und Schulalltag (Amt f\u00fcr Volksschulen BL) gibt es die M\u00f6glichkeit f\u00fcr muslimische Sch\u00fcler\/innen, sich w\u00e4hrend den islamischen Feiertagen vom Unterricht zu dispensieren. W\u00e4hrend der Zeit des <strong>Ramada<\/strong>n sind es max. <strong>drei Tage<\/strong> und am <strong>Opferfest<\/strong> max. <strong>vier Tage<\/strong>.<br><br>Der Schulstoff muss selbstverst\u00e4ndlich vor- oder nachgearbeitet werden.<br><br>Bei Aufnahmepr\u00fcfungen (z.B. f\u00fcr WBS, Gymnasium etc.) und Abschlusspr\u00fcfungen (z.B. Matur) ist keine Dispensation m\u00f6glich. Die Schulen nehmen jedoch bei der Festlegung der Daten R\u00fccksicht auf die hohen Feiertage. Dispensationen aus religi\u00f6sen Gr\u00fcnden gehen nicht zu Lasten des Kontingents f\u00fcr Familienurlaub.&nbsp;<br><br>Die unten aufgef\u00fchrten Musterbriefe sollen helfen, das Gesuch zur Schulbefreiung korrekt zu formulieren.<br><br>Bitte beachten Sie jedoch, dass das Gesuch mindestens 14 Tage vor der gew\u00fcnschten Unterrichtsbefreiung bzw. vor dem Fest (am besten zu Beginn des Schuljahres) beim Klassenlehrer eingereicht werden muss.<br><\/p>\n\n\n\n<ul class=\"wp-block-list\">\n<li>&nbsp;&nbsp;&nbsp;<a href=\"https:\/\/www.bmk-online.ch\/wp\/wp-content\/uploads\/2019\/02\/schuldispensation_opferfest_vorlage.doc\" data-type=\"link\" data-id=\"https:\/\/www.bmk-online.ch\/wp\/wp-content\/uploads\/2019\/02\/schuldispensation_opferfest_vorlage.doc\" target=\"_blank\" rel=\"noreferrer noopener\">Dispensationsgesuch &#8211; Opferfest<\/a><br><\/li>\n<\/ul>\n\n\n\n<ul class=\"wp-block-list\">\n<li>&nbsp;&nbsp;&nbsp;<a href=\"https:\/\/www.bmk-online.ch\/wp\/wp-content\/uploads\/2019\/02\/schuldispensation_ramadan_vorlage.doc\" target=\"_blank\" rel=\"noreferrer noopener\">Dispensationsgesuch &#8211; Ramadanfest<\/a><br><\/li>\n<\/ul>\n\n\n\n<h5 class=\"wp-block-heading\">Handreichung<\/h5>\n\n\n\n<p>Das Erziehungsdepartement Basel-Stadt und das Amt f\u00fcr Volksschulen Kanton Basel-Landschaft haben jeweils eine Anleitung f\u00fcr den Umgang mit religi\u00f6sen Fragen an der Schule herausgegeben. Die Anleitung informiert \u00fcber Richtlinien, z.B. zur Dispensation bei religi\u00f6sen Feiertagen. F\u00fcr muslimische Eltern sind die \u201eHandreichungen\u201c sehr empfehlenswert.<br><\/p>\n\n\n\n<ul class=\"wp-block-list\">\n<li><a href=\"https:\/\/media.bs.ch\/original_file\/fa4dab9b304c0362637511aa91049fb336e8c845\/umgang-mit-religioesen-fragen-schulen-bs-handreichung-septem.pdf\" target=\"_blank\" rel=\"noreferrer noopener\">&#8222;Handreichung&#8220; Umgang mit Religi\u00f6sen Fragen an der Schule (BS)<\/a><\/li>\n<\/ul>\n\n\n\n<ul class=\"wp-block-list\">\n<li><a aria-label=\" (\u00f6ffnet in neuem Tab)\" href=\"https:\/\/www.bmk-online.ch\/wp\/wp-content\/uploads\/2020\/06\/20180813_Religion-und-Schulalltag-August-2018_mit-Inhaltsverzeichnis.pdf\" target=\"_blank\" rel=\"noreferrer noopener\">Gelebte Religion und Schulalltag (BL)<\/a><\/li>\n<\/ul>\n\n\n\n<h5 class=\"wp-block-heading\">Leitfaden &#8211; Ramadan kommt immer so pl\u00f6tzlich<\/h5>\n\n\n\n<p>Das Zentrum f\u00fcr Religionsforschung der Uni Luzern hat unter dem Titel &#8222;Ramadan kommt immer so pl\u00f6tzlich&#8220; eine interessante Publikation ver\u00f6ffentlicht. Auch die BMK durfte mit einem Workshop einen Beitrag dazu leisten.<\/p>\n\n\n\n<p>Anhand konkreter F\u00e4lle gibt der Leitfaden Lehrpersonen sowie Fachleuten in den Bereichen Berufsberatung, Soziale Arbeit und Integration Hinweise und Ideen f\u00fcr die berufliche Praxis bei Fragen im Themenkreis Islam, Schule und Gesellschaft. Gerne empfehlen wir diesen als Lekt\u00fcre:<\/p>\n\n\n\n<ul class=\"wp-block-list\">\n<li><a aria-label=\"Leitfaden - Ramadan kommt immer so pl\u00f6tzlich (\u00f6ffnet in neuem Tab)\" href=\"https:\/\/www.bmk-online.ch\/wp\/wp-content\/uploads\/2019\/11\/Ramadan_kommt_immer_so_ploetzlich.pdf\" target=\"_blank\" rel=\"noreferrer noopener\">Leitfaden &#8211; Ramadan kommt immer so pl\u00f6tzlich<\/a><\/li>\n<\/ul>\n\n\n\n<h5 class=\"wp-block-heading\">Ferien<\/h5>\n\n\n\n<p>Untenstehend finden Sie die offiziellen Schulferien der Kantone Basel-Stadt und Baselland:<\/p>\n\n\n\n<p><a href=\"https:\/\/www.bs.ch\/themen\/bildung-und-kinderbetreuung\/schulferien\" target=\"_blank\" rel=\"noreferrer noopener\">Schulferien Basel-Stadt<\/a>\u00a0<br><br><a href=\"https:\/\/www.baselland.ch\/politik-und-behorden\/direktionen\/bildungs-kultur-und-sportdirektion\/schulferien\" data-type=\"link\" data-id=\"https:\/\/www.baselland.ch\/politik-und-behorden\/direktionen\/bildungs-kultur-und-sportdirektion\/schulferien\" target=\"_blank\" rel=\"noreferrer noopener\">Schulferien Baselland<\/a><\/p>\n","protected":false},"excerpt":{"rendered":"<p>Dispensation f\u00fcr muslimische Sch\u00fcler\/innen an islamischen Feiertagen Gem\u00e4ss der Handreichung f\u00fcr Umgang mit religi\u00f6sen Fragen an der Schule (Erziehungsdepartement BS) und dem Handbuch \u201eGelebte Religion und Schulalltag (Amt f\u00fcr Volksschulen &hellip; <a href=\"https:\/\/www.bmk-online.ch\/wp\/schuldialog\/\" class=\"more-link\"><span class=\"screen-reader-text\">\u201eSchuldialog\u201c <\/span>weiterlesen<\/a><\/p>\n","protected":false},"author":1,"featured_media":0,"parent":0,"menu_order":0,"comment_status":"closed","ping_status":"closed","template":"","meta":{"_EventAllDay":false,"_EventTimezone":"","_EventStartDate":"","_EventEndDate":"","_EventStartDateUTC":"","_EventEndDateUTC":"","_EventShowMap":false,"_EventShowMapLink":false,"_EventURL":"","_EventCost":"","_EventCostDescription":"","_EventCurrencySymbol":"","_EventCurrencyCode":"","_EventCurrencyPosition":"","_EventDateTimeSeparator":"","_EventTimeRangeSeparator":"","_EventOrganizerID":[],"_EventVenueID":[],"_OrganizerEmail":"","_OrganizerPhone":"","_OrganizerWebsite":"","_VenueAddress":"","_VenueCity":"","_VenueCountry":"","_VenueProvince":"","_VenueState":"","_VenueZip":"","_VenuePhone":"","_VenueURL":"","_VenueStateProvince":"","_VenueLat":"","_VenueLng":"","_VenueShowMap":false,"_VenueShowMapLink":false,"footnotes":""},"class_list":["post-165","page","type-page","status-publish","hentry"],"_links":{"self":[{"href":"https:\/\/www.bmk-online.ch\/wp\/wp-json\/wp\/v2\/pages\/165","targetHints":{"allow":["GET"]}}],"collection":[{"href":"https:\/\/www.bmk-online.ch\/wp\/wp-json\/wp\/v2\/pages"}],"about":[{"href":"https:\/\/www.bmk-online.ch\/wp\/wp-json\/wp\/v2\/types\/page"}],"author":[{"embeddable":true,"href":"https:\/\/www.bmk-online.ch\/wp\/wp-json\/wp\/v2\/users\/1"}],"replies":[{"embeddable":true,"href":"https:\/\/www.bmk-online.ch\/wp\/wp-json\/wp\/v2\/comments?post=165"}],"version-history":[{"count":9,"href":"https:\/\/www.bmk-online.ch\/wp\/wp-json\/wp\/v2\/pages\/165\/revisions"}],"predecessor-version":[{"id":1349,"href":"https:\/\/www.bmk-online.ch\/wp\/wp-json\/wp\/v2\/pages\/165\/revisions\/1349"}],"wp:attachment":[{"href":"https:\/\/www.bmk-online.ch\/wp\/wp-json\/wp\/v2\/media?parent=165"}],"curies":[{"name":"wp","href":"https:\/\/api.w.org\/{rel}","templated":true}]}}